{"id":227507,"date":"2026-08-25T12:23:05","date_gmt":"2026-08-25T16:23:05","guid":{"rendered":"https:\/\/centromundolengua.com\/?page_id=227507"},"modified":"2026-09-02T11:14:34","modified_gmt":"2026-09-02T15:14:34","slug":"staff-in-cadiz","status":"publish","type":"page","link":"https:\/\/centromundolengua.com\/fr\/equipe-a-cadix\/","title":{"rendered":"Staff in Cadiz"},"content":{"rendered":"<div class=\"wpb-content-wrapper\"><div class=\"vc_row wpb_row section vc_row-fluid  vc_custom_1576323860863\" style='background-color:#ffffff; padding-top:100px; padding-bottom:100px; text-align:left;'><div class=\"full_section_inner clearfix\"><div class=\"wpb_column vc_column_container vc_col-sm-12\"><div class=\"vc_column-inner\"><div class=\"wpb_wrapper\">\n\t<div class=\"wpb_text_column wpb_content_element\">\n\t\t<div class=\"wpb_wrapper\">\n\t\t\t<h2 style=\"text-align: center;\">Dir\u00e9ction<\/h2>\n\n\t\t<\/div>\n\t<\/div><div class=\"separator  small center\" style=\"background-color: #aa0936;height: 3px;\"><\/div><\/div><\/div><\/div><\/div><\/div><div      class=\"vc_row wpb_row section vc_row-fluid\" style=' text-align:left;'><div class=\"full_section_inner clearfix\"><div class=\"wpb_column vc_column_container vc_col-sm-1\/5\"><div class=\"vc_column-inner\"><div class=\"wpb_wrapper\"><\/div><\/div><\/div><div class=\"wpb_column vc_column_container vc_col-sm-1\/5\"><div class=\"vc_column-inner\"><div class=\"wpb_wrapper\"><\/div><\/div><\/div><div class=\"wpb_column vc_column_container vc_col-sm-1\/5\"><div class=\"vc_column-inner\"><div class=\"wpb_wrapper\"><div class=\"q_team\" ><div class=\"q_team_inner\"><div class=\"q_team_image\"><img decoding=\"async\" itemprop=\"image\" src=\"https:\/\/centromundolengua.com\/wp-content\/uploads\/2019\/12\/cadiz-director.jpg\" alt=\"cadiz-director\" \/><div class='q_team_description_wrapper'><div class='q_team_description'><div class='q_team_description_inner'><p>Langues: espagnol, anglais, fran\u00e7ais et allemand<\/p><\/div><\/div><\/div><\/div><div class='q_team_text' ><div class=\"q_team_text_inner\"><div class=\"q_team_title_holder\"><h3 class=\"q_team_name\" >Stefanie Kempf<\/h3><span >Responsable du programme destin\u00e9 aux adultes et aux lyc\u00e9ens. Titulaire d'un master en gestion d'entreprise.<\/span><\/div><div class='separator small center' ><\/div><\/div><div class='q_team_social_holder'><\/div><\/div><\/div><\/div><\/div><\/div><\/div><div class=\"wpb_column vc_column_container vc_col-sm-1\/5\"><div class=\"vc_column-inner\"><div class=\"wpb_wrapper\"><\/div><\/div><\/div><div class=\"wpb_column vc_column_container vc_col-sm-1\/5\"><div class=\"vc_column-inner\"><div class=\"wpb_wrapper\"><\/div><\/div><\/div><\/div><\/div><div      class=\"vc_row wpb_row section vc_row-fluid  vc_custom_1576323860863\" style='background-color:#ffffff; padding-top:100px; padding-bottom:100px; text-align:left;'><div class=\"full_section_inner clearfix\"><div class=\"wpb_column vc_column_container vc_col-sm-12\"><div class=\"vc_column-inner\"><div class=\"wpb_wrapper\">\n\t<div class=\"wpb_text_column wpb_content_element\">\n\t\t<div class=\"wpb_wrapper\">\n\t\t\t<h2 style=\"text-align: center;\">Administration.<\/h2>\n\n\t\t<\/div>\n\t<\/div><div class=\"separator  small center\" style=\"background-color: #aa0936;height: 3px;\"><\/div><\/div><\/div><\/div><\/div><\/div><div      class=\"vc_row wpb_row section vc_row-fluid\" style=' text-align:left;'><div class=\"full_section_inner clearfix\"><div class=\"wpb_column vc_column_container vc_col-sm-3\"><div class=\"vc_column-inner\"><div class=\"wpb_wrapper\"><\/div><\/div><\/div><div class=\"wpb_column vc_column_container vc_col-sm-3\"><div class=\"vc_column-inner\"><div class=\"wpb_wrapper\"><div class=\"q_team\" ><div class=\"q_team_inner\"><div class=\"q_team_image\"><img decoding=\"async\" itemprop=\"image\" src=\"https:\/\/centromundolengua.com\/wp-content\/uploads\/2019\/12\/anabelen.jpg\" alt=\"anabelen\" \/><div class='q_team_description_wrapper'><div class='q_team_description'><div class='q_team_description_inner'><p>Langues : espagnol et anglais<\/p><\/div><\/div><\/div><\/div><div class='q_team_text' ><div class=\"q_team_text_inner\"><div class=\"q_team_title_holder\"><h3 class=\"q_team_name\" >Anabel Ardila<\/h3><span >Gestion. Dipl\u00f4m\u00e9e en gestion d'entreprise.<\/span><\/div><div class='separator small center' ><\/div><\/div><div class='q_team_social_holder'><\/div><\/div><\/div><\/div><\/div><\/div><\/div><div class=\"wpb_column vc_column_container vc_col-sm-3\"><div class=\"vc_column-inner\"><div class=\"wpb_wrapper\"><div class=\"q_team\" ><div class=\"q_team_inner\"><div class=\"q_team_image\"><img decoding=\"async\" itemprop=\"image\" src=\"https:\/\/centromundolengua.com\/wp-content\/uploads\/2026\/09\/Sara-Lopez-scaled.png\" alt=\"Sara L\u00f3pez\" \/><div class='q_team_description_wrapper'><div class='q_team_description'><div class='q_team_description_inner'><p>Langues : espagnol et anglais<\/p><\/div><\/div><\/div><\/div><div class='q_team_text' ><div class=\"q_team_text_inner\"><div class=\"q_team_title_holder\"><h3 class=\"q_team_name\" >Sara G\u00f3mez<\/h3><span >Gestion. Dipl\u00f4m\u00e9e en gestion d'entreprise.<\/span><\/div><div class='separator small center' ><\/div><\/div><div class='q_team_social_holder'><\/div><\/div><\/div><\/div><\/div><\/div><\/div><div class=\"wpb_column vc_column_container vc_col-sm-3\"><div class=\"vc_column-inner\"><div class=\"wpb_wrapper\"><\/div><\/div><\/div><\/div><\/div><div      class=\"vc_row wpb_row section vc_row-fluid  vc_custom_1576323860863\" style='background-color:#ffffff; padding-top:100px; padding-bottom:100px; text-align:left;'><div class=\"full_section_inner clearfix\"><div class=\"wpb_column vc_column_container vc_col-sm-12\"><div class=\"vc_column-inner\"><div class=\"wpb_wrapper\">\n\t<div class=\"wpb_text_column wpb_content_element\">\n\t\t<div class=\"wpb_wrapper\">\n\t\t\t<h2 style=\"text-align: center;\">Housing<\/h2>\n\n\t\t<\/div>\n\t<\/div><div class=\"separator  small center\" style=\"background-color: #aa0936;height: 3px;\"><\/div><\/div><\/div><\/div><\/div><\/div><div      class=\"vc_row wpb_row section vc_row-fluid\" style=' text-align:left;'><div class=\"full_section_inner clearfix\"><div class=\"wpb_column vc_column_container vc_col-sm-1\/5\"><div class=\"vc_column-inner\"><div class=\"wpb_wrapper\"><\/div><\/div><\/div><div class=\"wpb_column vc_column_container vc_col-sm-1\/5\"><div class=\"vc_column-inner\"><div class=\"wpb_wrapper\"><\/div><\/div><\/div><div class=\"wpb_column vc_column_container vc_col-sm-1\/5\"><div class=\"vc_column-inner\"><div class=\"wpb_wrapper\"><div class=\"q_team\" ><div class=\"q_team_inner\"><div class=\"q_team_image\"><img decoding=\"async\" itemprop=\"image\" src=\"https:\/\/centromundolengua.com\/wp-content\/uploads\/2025\/07\/Housing-team-Laura-Dominguez.jpg\" alt=\"Laura Dominguez\" \/><div class='q_team_description_wrapper'><div class='q_team_description'><div class='q_team_description_inner'><p>Langues : espagnol et anglais<\/p><\/div><\/div><\/div><\/div><div class='q_team_text' ><div class=\"q_team_text_inner\"><div class=\"q_team_title_holder\"><h3 class=\"q_team_name\" >Laura Dom\u00ednguez<\/h3><span >Homestay coordinator in Cadiz. Education: Bachelor in Tourism.<\/span><\/div><div class='separator small center' ><\/div><\/div><div class='q_team_social_holder'><\/div><\/div><\/div><\/div><\/div><\/div><\/div><div class=\"wpb_column vc_column_container vc_col-sm-1\/5\"><div class=\"vc_column-inner\"><div class=\"wpb_wrapper\"><\/div><\/div><\/div><div class=\"wpb_column vc_column_container vc_col-sm-1\/5\"><div class=\"vc_column-inner\"><div class=\"wpb_wrapper\"><\/div><\/div><\/div><\/div><\/div><div      class=\"vc_row wpb_row section vc_row-fluid  vc_custom_1576323944361 grid_section\" style='background-color:#ffffff; padding-top:100px; padding-bottom:100px; text-align:left;'><div class=\"section_inner clearfix\"><div class='section_inner_margin clearfix'><div class=\"wpb_column vc_column_container vc_col-sm-12\"><div class=\"vc_column-inner\"><div class=\"wpb_wrapper\">\n\t<div class=\"wpb_text_column wpb_content_element\">\n\t\t<div class=\"wpb_wrapper\">\n\t\t\t<h2 style=\"text-align: center;\">Enseignement<\/h2>\n\n\t\t<\/div>\n\t<\/div><div class=\"separator  small center\" style=\"background-color: #aa0936;height: 3px;\"><\/div><\/div><\/div><\/div><\/div><\/div><\/div><div      class=\"vc_row wpb_row section vc_row-fluid\" style=' text-align:left;'><div class=\"full_section_inner clearfix\"><div class=\"wpb_column vc_column_container vc_col-sm-3\"><div class=\"vc_column-inner\"><div class=\"wpb_wrapper\"><\/div><\/div><\/div><div class=\"wpb_column vc_column_container vc_col-sm-3\"><div class=\"vc_column-inner\"><div class=\"wpb_wrapper\"><div class=\"q_team\" ><div class=\"q_team_inner\"><div class=\"q_team_image\"><img decoding=\"async\" itemprop=\"image\" src=\"https:\/\/centromundolengua.com\/wp-content\/uploads\/2019\/12\/auxi.jpg\" alt=\"auxi\" \/><div class='q_team_description_wrapper'><div class='q_team_description'><div class='q_team_description_inner'><p>Langues: espagnol, anglais et italien<\/p><\/div><\/div><\/div><\/div><div class='q_team_text' ><div class=\"q_team_text_inner\"><div class=\"q_team_title_holder\"><h3 class=\"q_team_name\" >Auxi Baena<\/h3><span >Coordination p\u00e9dagogique. Dipl\u00f4m\u00e9e en histoire de l'art et titulaire d'un master en enseignement secondaire, baccalaur\u00e9at, formation professionnelle et enseignement des langues.<\/span><\/div><div class='separator small center' ><\/div><\/div><div class='q_team_social_holder'><\/div><\/div><\/div><\/div><\/div><\/div><\/div><div class=\"wpb_column vc_column_container vc_col-sm-3\"><div class=\"vc_column-inner\"><div class=\"wpb_wrapper\"><div class=\"q_team\" ><div class=\"q_team_inner\"><div class=\"q_team_image\"><img decoding=\"async\" itemprop=\"image\" src=\"https:\/\/centromundolengua.com\/wp-content\/uploads\/2026\/09\/Johanna-Martinez-scaled.png\" alt=\"Johanna Martinez\" \/><div class='q_team_description_wrapper'><div class='q_team_description'><div class='q_team_description_inner'><p>Langues : espagnol, anglais et fran\u00e7ais<\/p><\/div><\/div><\/div><\/div><div class='q_team_text' ><div class=\"q_team_text_inner\"><div class=\"q_team_title_holder\"><h3 class=\"q_team_name\" >Johanna Mart\u00ednez<\/h3><span >Coordination acad\u00e9mique. Dipl\u00f4m\u00e9e en philologie fran\u00e7aise et titulaire d'un master en formation des enseignants.<\/span><\/div><div class='separator small center' ><\/div><\/div><div class='q_team_social_holder'><\/div><\/div><\/div><\/div><\/div><\/div><\/div><div class=\"wpb_column vc_column_container vc_col-sm-3\"><div class=\"vc_column-inner\"><div class=\"wpb_wrapper\"><\/div><\/div><\/div><\/div><\/div><div      class=\"vc_row wpb_row section vc_row-fluid\" style=' text-align:left;'><div class=\"full_section_inner clearfix\"><div class=\"wpb_column vc_column_container vc_col-sm-1\/5\"><div class=\"vc_column-inner\"><div class=\"wpb_wrapper\"><\/div><\/div><\/div><div class=\"wpb_column vc_column_container vc_col-sm-1\/5\"><div class=\"vc_column-inner\"><div class=\"wpb_wrapper\"><div class=\"q_team\" ><div class=\"q_team_inner\"><div class=\"q_team_image\"><img decoding=\"async\" itemprop=\"image\" src=\"https:\/\/centromundolengua.com\/wp-content\/uploads\/2026\/08\/1113.jpg\" alt=\"Carmen L\u00f3pez\" \/><div class='q_team_description_wrapper'><div class='q_team_description'><div class='q_team_description_inner'><p>Langues : espagnol et anglais<\/p><\/div><\/div><\/div><\/div><div class='q_team_text' ><div class=\"q_team_text_inner\"><div class=\"q_team_title_holder\"><h3 class=\"q_team_name\" >Carmen L\u00f3pez<\/h3><span >Professeure d'espagnol. Double licence en philologie hispanique et anglaise. Formation de professeure d'espagnol langue \u00e9trang\u00e8re (ELE).<\/span><\/div><div class='separator small center' ><\/div><\/div><div class='q_team_social_holder'><\/div><\/div><\/div><\/div><\/div><\/div><\/div><div class=\"wpb_column vc_column_container vc_col-sm-1\/5\"><div class=\"vc_column-inner\"><div class=\"wpb_wrapper\"><div class=\"q_team\" ><div class=\"q_team_inner\"><div class=\"q_team_image\"><img decoding=\"async\" itemprop=\"image\" src=\"https:\/\/centromundolengua.com\/wp-content\/uploads\/2026\/08\/Juan-Vera.jpg\" alt=\"Juan Vera\" \/><div class='q_team_description_wrapper'><div class='q_team_description'><div class='q_team_description_inner'><p>Langues : espagnol et anglais<\/p><\/div><\/div><\/div><\/div><div class='q_team_text' ><div class=\"q_team_text_inner\"><div class=\"q_team_title_holder\"><h3 class=\"q_team_name\" >Juan Vera<\/h3><span >Professeur d'espagnol. Licence en philologie hispanique et master en enseignement de l'espagnol comme langue \u00e9trang\u00e8re.<\/span><\/div><div class='separator small center' ><\/div><\/div><div class='q_team_social_holder'><\/div><\/div><\/div><\/div><\/div><\/div><\/div><div class=\"wpb_column vc_column_container vc_col-sm-1\/5\"><div class=\"vc_column-inner\"><div class=\"wpb_wrapper\"><div class=\"q_team\" ><div class=\"q_team_inner\"><div class=\"q_team_image\"><img decoding=\"async\" itemprop=\"image\" src=\"https:\/\/centromundolengua.com\/wp-content\/uploads\/2026\/08\/Rosa-Rivera.jpg\" alt=\"Rosa Rivera\" \/><div class='q_team_description_wrapper'><div class='q_team_description'><div class='q_team_description_inner'><p>Langues : espagnol, anglais et fran\u00e7ais<\/p><\/div><\/div><\/div><\/div><div class='q_team_text' ><div class=\"q_team_text_inner\"><div class=\"q_team_title_holder\"><h3 class=\"q_team_name\" >Rosa Rivera<\/h3><span >Professeure d'espagnol. Titulaire d'une licence en langue et litt\u00e9rature fran\u00e7aises et ayant suivi une formation d'enseignante d'espagnol langue \u00e9trang\u00e8re.<\/span><\/div><div class='separator small center' ><\/div><\/div><div class='q_team_social_holder'><\/div><\/div><\/div><\/div><\/div><\/div><\/div><div class=\"wpb_column vc_column_container vc_col-sm-1\/5\"><div class=\"vc_column-inner\"><div class=\"wpb_wrapper\"><\/div><\/div><\/div><\/div><\/div><div      class=\"vc_row wpb_row section vc_row-fluid  vc_custom_1576323944361 grid_section\" style='background-color:#ffffff; padding-top:100px; padding-bottom:100px; text-align:left;'><div class=\"section_inner clearfix\"><div class='section_inner_margin clearfix'><div class=\"wpb_column vc_column_container vc_col-sm-12\"><div class=\"vc_column-inner\"><div class=\"wpb_wrapper\">\n\t<div class=\"wpb_text_column wpb_content_element\">\n\t\t<div class=\"wpb_wrapper\">\n\t\t\t<h2 style=\"text-align: center;\">Gestion et animation des activit\u00e9s<\/h2>\n\n\t\t<\/div>\n\t<\/div><div class=\"separator  small center\" style=\"background-color: #aa0936;height: 3px;\"><\/div><\/div><\/div><\/div><\/div><\/div><\/div><div      class=\"vc_row wpb_row section vc_row-fluid\" style=' text-align:left;'><div class=\"full_section_inner clearfix\"><div class=\"wpb_column vc_column_container vc_col-sm-1\/5\"><div class=\"vc_column-inner\"><div class=\"wpb_wrapper\"><\/div><\/div><\/div><div class=\"wpb_column vc_column_container vc_col-sm-1\/5\"><div class=\"vc_column-inner\"><div class=\"wpb_wrapper\"><\/div><\/div><\/div><div class=\"wpb_column vc_column_container vc_col-sm-1\/5\"><div class=\"vc_column-inner\"><div class=\"wpb_wrapper\"><div class=\"q_team\" ><div class=\"q_team_inner\"><div class=\"q_team_image\"><img decoding=\"async\" itemprop=\"image\" src=\"https:\/\/centromundolengua.com\/wp-content\/uploads\/2019\/12\/antonio.jpg\" alt=\"antonio\" \/><div class='q_team_description_wrapper'><div class='q_team_description'><div class='q_team_description_inner'><p>Langues : espagnol, anglais et italien<\/p><\/div><\/div><\/div><\/div><div class='q_team_text' ><div class=\"q_team_text_inner\"><div class=\"q_team_title_holder\"><h3 class=\"q_team_name\" >Antonio Cuaresma<\/h3><span >Formation en histoire de l'art et master en histoire num\u00e9rique et sciences humaines<\/span><\/div><div class='separator small center' ><\/div><\/div><div class='q_team_social_holder'><\/div><\/div><\/div><\/div><\/div><\/div><\/div><div class=\"wpb_column vc_column_container vc_col-sm-1\/5\"><div class=\"vc_column-inner\"><div class=\"wpb_wrapper\"><\/div><\/div><\/div><div class=\"wpb_column vc_column_container vc_col-sm-1\/5\"><div class=\"vc_column-inner\"><div class=\"wpb_wrapper\"><\/div><\/div><\/div><\/div><\/div>\n<\/div>","protected":false},"excerpt":{"rendered":"Management Languages: Spanish, English, French, and German.Stefanie KempfDirector of programs for adults and high school students. Education: Master in Business Administation. Administration Languages: Spanish and EnglishAnabel ArdilaAdministration. Bachelor in Business AdministrationLanguages: Spanish and EnglishSara G\u00f3mezAdministration. Bachelor in Business Administration. Housing Languages: Spanish and English.Laura Dom\u00ednguezHomestay...","protected":false},"author":6664,"featured_media":0,"parent":0,"menu_order":0,"comment_status":"closed","ping_status":"closed","template":"full_width.php","meta":{"_acf_changed":false,"content-type":"","footnotes":""},"class_list":["post-227507","page","type-page","status-publish","hentry"],"acf":[],"yoast_head":"<!-- This site is optimized with the Yoast SEO plugin v27.0 - https:\/\/yoast.com\/product\/yoast-seo-wordpress\/ -->\n<title>Meet our team | Study abroad in Spain | MundoLengua<\/title>\n<meta name=\"description\" content=\"Meet the passionate team who supports students behind the scene, before, during, and after their study abroad adventure in Spain!\" \/>\n<meta name=\"robots\" content=\"index, follow, max-snippet:-1, max-image-preview:large, max-video-preview:-1\" \/>\n<link rel=\"canonical\" href=\"https:\/\/centromundolengua.com\/fr\/equipe-a-cadix\/\" \/>\n<meta property=\"og:locale\" content=\"fr_FR\" \/>\n<meta property=\"og:type\" content=\"article\" \/>\n<meta property=\"og:title\" content=\"Meet our team | Study abroad in Spain | MundoLengua\" \/>\n<meta property=\"og:description\" content=\"Meet the passionate team who supports students behind the scene, before, during, and after their study abroad adventure in Spain!\" \/>\n<meta property=\"og:url\" content=\"https:\/\/centromundolengua.com\/fr\/equipe-a-cadix\/\" \/>\n<meta property=\"og:site_name\" content=\"Centro MundoLengua\" \/>\n<meta property=\"article:modified_time\" content=\"2026-09-02T15:14:34+00:00\" \/>\n<meta name=\"twitter:card\" content=\"summary_large_image\" \/>\n<meta name=\"twitter:label1\" content=\"Dur\u00e9e de lecture est.\" \/>\n\t<meta name=\"twitter:data1\" content=\"3 minutes\" \/>\n<script type=\"application\/ld+json\" class=\"yoast-schema-graph\">{\"@context\":\"https:\/\/schema.org\",\"@graph\":[{\"@type\":\"WebPage\",\"@id\":\"https:\/\/centromundolengua.com\/staff-in-cadiz\/\",\"url\":\"https:\/\/centromundolengua.com\/staff-in-cadiz\/\",\"name\":\"Meet our team | Study abroad in Spain | MundoLengua\",\"isPartOf\":{\"@id\":\"https:\/\/centromundolengua.com\/es\/#website\"},\"datePublished\":\"2026-08-25T16:23:05+00:00\",\"dateModified\":\"2026-09-02T15:14:34+00:00\",\"description\":\"Meet the passionate team who supports students behind the scene, before, during, and after their study abroad adventure in Spain!\",\"breadcrumb\":{\"@id\":\"https:\/\/centromundolengua.com\/staff-in-cadiz\/#breadcrumb\"},\"inLanguage\":\"fr-FR\",\"potentialAction\":[{\"@type\":\"ReadAction\",\"target\":[\"https:\/\/centromundolengua.com\/staff-in-cadiz\/\"]}]},{\"@type\":\"BreadcrumbList\",\"@id\":\"https:\/\/centromundolengua.com\/staff-in-cadiz\/#breadcrumb\",\"itemListElement\":[{\"@type\":\"ListItem\",\"position\":1,\"name\":\"Home\",\"item\":\"https:\/\/centromundolengua.com\/\"},{\"@type\":\"ListItem\",\"position\":2,\"name\":\"Staff in Cadiz\"}]},{\"@type\":\"WebSite\",\"@id\":\"https:\/\/centromundolengua.com\/es\/#website\",\"url\":\"https:\/\/centromundolengua.com\/es\/\",\"name\":\"Centro MundoLengua\",\"description\":\"Language academy\",\"potentialAction\":[{\"@type\":\"SearchAction\",\"target\":{\"@type\":\"EntryPoint\",\"urlTemplate\":\"https:\/\/centromundolengua.com\/es\/?s={search_term_string}\"},\"query-input\":{\"@type\":\"PropertyValueSpecification\",\"valueRequired\":true,\"valueName\":\"search_term_string\"}}],\"inLanguage\":\"fr-FR\"}]}<\/script>\n<!-- \/ Yoast SEO plugin. -->","yoast_head_json":{"title":"Meet our team | Study abroad in Spain | MundoLengua","description":"Meet the passionate team who supports students behind the scene, before, during, and after their study abroad adventure in Spain!","robots":{"index":"index","follow":"follow","max-snippet":"max-snippet:-1","max-image-preview":"max-image-preview:large","max-video-preview":"max-video-preview:-1"},"canonical":"https:\/\/centromundolengua.com\/fr\/equipe-a-cadix\/","og_locale":"fr_FR","og_type":"article","og_title":"Meet our team | Study abroad in Spain | MundoLengua","og_description":"Meet the passionate team who supports students behind the scene, before, during, and after their study abroad adventure in Spain!","og_url":"https:\/\/centromundolengua.com\/fr\/equipe-a-cadix\/","og_site_name":"Centro MundoLengua","article_modified_time":"2026-09-02T15:14:34+00:00","twitter_card":"summary_large_image","twitter_misc":{"Dur\u00e9e de lecture est.":"3 minutes"},"schema":{"@context":"https:\/\/schema.org","@graph":[{"@type":"WebPage","@id":"https:\/\/centromundolengua.com\/staff-in-cadiz\/","url":"https:\/\/centromundolengua.com\/staff-in-cadiz\/","name":"Meet our team | Study abroad in Spain | MundoLengua","isPartOf":{"@id":"https:\/\/centromundolengua.com\/es\/#website"},"datePublished":"2026-08-25T16:23:05+00:00","dateModified":"2026-09-02T15:14:34+00:00","description":"Meet the passionate team who supports students behind the scene, before, during, and after their study abroad adventure in Spain!","breadcrumb":{"@id":"https:\/\/centromundolengua.com\/staff-in-cadiz\/#breadcrumb"},"inLanguage":"fr-FR","potentialAction":[{"@type":"ReadAction","target":["https:\/\/centromundolengua.com\/staff-in-cadiz\/"]}]},{"@type":"BreadcrumbList","@id":"https:\/\/centromundolengua.com\/staff-in-cadiz\/#breadcrumb","itemListElement":[{"@type":"ListItem","position":1,"name":"Home","item":"https:\/\/centromundolengua.com\/"},{"@type":"ListItem","position":2,"name":"Staff in Cadiz"}]},{"@type":"WebSite","@id":"https:\/\/centromundolengua.com\/es\/#website","url":"https:\/\/centromundolengua.com\/es\/","name":"Centro MundoLengua","description":"Language academy","potentialAction":[{"@type":"SearchAction","target":{"@type":"EntryPoint","urlTemplate":"https:\/\/centromundolengua.com\/es\/?s={search_term_string}"},"query-input":{"@type":"PropertyValueSpecification","valueRequired":true,"valueName":"search_term_string"}}],"inLanguage":"fr-FR"}]}},"_links":{"self":[{"href":"https:\/\/centromundolengua.com\/fr\/wp-json\/wp\/v2\/pages\/227507","targetHints":{"allow":["GET"]}}],"collection":[{"href":"https:\/\/centromundolengua.com\/fr\/wp-json\/wp\/v2\/pages"}],"about":[{"href":"https:\/\/centromundolengua.com\/fr\/wp-json\/wp\/v2\/types\/page"}],"author":[{"embeddable":true,"href":"https:\/\/centromundolengua.com\/fr\/wp-json\/wp\/v2\/users\/6664"}],"replies":[{"embeddable":true,"href":"https:\/\/centromundolengua.com\/fr\/wp-json\/wp\/v2\/comments?post=227507"}],"version-history":[{"count":12,"href":"https:\/\/centromundolengua.com\/fr\/wp-json\/wp\/v2\/pages\/227507\/revisions"}],"predecessor-version":[{"id":227608,"href":"https:\/\/centromundolengua.com\/fr\/wp-json\/wp\/v2\/pages\/227507\/revisions\/227608"}],"wp:attachment":[{"href":"https:\/\/centromundolengua.com\/fr\/wp-json\/wp\/v2\/media?parent=227507"}],"curies":[{"name":"wp","href":"https:\/\/api.w.org\/{rel}","templated":true}]}}